{"id":1776,"date":"2015-11-30T20:23:16","date_gmt":"2015-11-30T19:23:16","guid":{"rendered":"http:\/\/www.ghs-staufen.de\/?page_id=1776"},"modified":"2015-11-30T20:23:16","modified_gmt":"2015-11-30T19:23:16","slug":"regelungen-der-ganztagsschule","status":"publish","type":"page","link":"https:\/\/www.trs-staufen.de\/?page_id=1776","title":{"rendered":"Regelungen der  Ganztagsschule"},"content":{"rendered":"<div class=\"su-heading su-heading-style-default su-heading-align-center\" id=\"\" style=\"font-size:30px;margin-bottom:20px\"><div class=\"su-heading-inner\">Ganztagsschule nach Wahlform\u2013 Unsere Regeln f\u00fcr den Nachmittagsbetrieb<\/div><\/div>\nWir begr\u00fc\u00dfen Sie und Ihre Kinder herzlich im neuen Schuljahr!<\/p>\n<p>Um die Organisation unserer Ganztagsschule f\u00fcr Sie zu verbessern, m\u00f6chten wir Sie stets \u00fcber unsere aktuellen Vereinbarungen informieren. Wir stehen auch in Absprache mit der Kernzeitbetreuung und den Projektleiter\/innen. Die folgenden Regelungen sind erforderlich, um auch im Ganztagsbetrieb die Aufsichtspflicht \u00fcber Ihre Kinder wahrnehmen zu k\u00f6nnen. Um Unklarheiten aus dem Weg zu r\u00e4umen und Informationswege zu verk\u00fcrzen, m\u00f6chten wir Sie bitten, die <strong>folgenden Vorgaben aufmerksam zu lesen und auf dem unteren Abschnitt mit einer Unterschrift Ihr Einverst\u00e4ndnis zu erkl\u00e4ren.<\/strong><\/p>\n<div class=\"su-tabs su-tabs-style-default su-tabs-mobile-stack su-tabs-vertical\" data-active=\"1\" data-scroll-offset=\"0\" data-anchor-in-url=\"no\"><div class=\"su-tabs-nav\"><span class=\"\" data-url=\"\" data-target=\"blank\" tabindex=\"0\" role=\"button\">Ganztagsschule nach Wahlform:<\/span><span class=\"\" data-url=\"\" data-target=\"blank\" tabindex=\"0\" role=\"button\">Projekte:<\/span><span class=\"\" data-url=\"\" data-target=\"blank\" tabindex=\"0\" role=\"button\">Wetter und Kleidung:<\/span><span class=\"\" data-url=\"\" data-target=\"blank\" tabindex=\"0\" role=\"button\">Hausaufgaben:<\/span><span class=\"\" data-url=\"\" data-target=\"blank\" tabindex=\"0\" role=\"button\">Das Wichtigste noch einmal im \u00dcberblick:<\/span><\/div><div class=\"su-tabs-panes\"><div class=\"su-tabs-pane su-u-clearfix su-u-trim\" data-title=\"Ganztagsschule nach Wahlform:\">\n<p>\u201eNach Wahlform\u201c hei\u00dft zun\u00e4chst, dass Sie die Teilnahme freiwillig gew\u00e4hlt haben. <strong>Allerdings folgt mit der Anmeldung die Verpflichtung, regelm\u00e4\u00dfig anwesend zu sein.<\/strong><\/p>\n<ul>\n<li><strong>Auch f\u00fcr den Nachmittagsbetrieb und in der ersten Stunde (GTS-Betreuung) gilt die Schulpflicht. <\/strong><\/li>\n<li><strong>Die Abholung Ihres Kindes vor 15.50 Uhr (bzw. vor Ende des Projekts) ist, genau wie am Vormittag, nur in Ausnahmef\u00e4llen wie beispielsweise bei Arztterminen m\u00f6glich.<\/strong><\/li>\n<li><strong>Sollte Ihr Kind krankheitsbedingt fehlen, bitte an jedem neuen Fehltag morgens abmelden oder einen Zeitraum angeben.<\/strong><\/li>\n<li>Die GTS findet an vier Tagen von Montag \u2013 Donnerstag jeweils von 7.50 Uhr \u2013 15.50 Uhr statt.<\/li>\n<li>Die Erst- und Zweitkl\u00e4ssler haben in diesem Jahr an jeweils einem Tag ein besonderes Programm: Frau Vieh\u00f6ver von der Jugendmusikschule bietet halbj\u00e4hrlich eine Musikwerkstatt (musikalische Grundausbildung &#8211; im Rahmen der GTS-Betreuung in der ersten Stunde) an. \u00e0 Siehe Brief Klasse 1 \/ 2 der JMS<\/li>\n<li><strong>Freitags endet der Unterricht f\u00fcr alle Kinder um 12.15 Uhr<\/strong> (Ausnahme bei Anmeldung zum G1, siehe unten)<\/li>\n<\/ul>\n<p><strong><em>G1 \u2013 Angebot Zusatzbetreuung nach der GTS durch die Stadt Staufen <\/em><\/strong><\/p>\n<ul>\n<li>Do. 15.50 Uhr bis 17.00 Uhr<\/li>\n<li>12.15 Uhr bis 17.00 Uhr (einschlie\u00dflich Mittagessen)<\/li>\n<li>Die Stadt Staufen hat bereits die Abholzeiten abgefragt. Diese Infos wurden an das Kernzeitpersonal weitergegeben.<\/li>\n<li>Treffen Sie mit Ihren Kindern und dem Kernzeitpersonal klare Vereinbarungen f\u00fcr die Woche, z.B. m\u00f6glichst immer gleiche Abholzeiten. Das erleichtert allen und besonders Ihren Kindern den \u00dcberblick.<\/li>\n<li><strong>Ganz wichtig: Kinder in diesen Zeiten immer in den Kernzeitr\u00e4umen abholen und pers\u00f6nlich abmelden. Ansonsten k\u00f6nnen die Betreuerinnen Ihrer Verantwortung nicht nachkommen.<\/strong><\/li>\n<\/ul>\n<\/div>\n<div class=\"su-tabs-pane su-u-clearfix su-u-trim\" data-title=\"Projekte:\">\n<ul>\n<li><strong>Die Teilnahme ist nach Anmeldung verpflichtend (Schulpflicht).<\/strong><\/li>\n<li><strong>Wechsel sind nicht m\u00f6glich (Absolute Ausnahmen &#8211; beispielsweise <\/strong><strong>aus p\u00e4dagogischen Gr\u00fcnden &#8211; m\u00fcssen mit der Klassenlehrerin \/ dem <\/strong><\/li>\n<\/ul>\n<p><strong>Klassenlehrer und dem GTS-Team abgestimmt werden!)<\/strong><\/p>\n<ul>\n<li><strong>Beachten Sie die Endzeiten der Projekte! <\/strong>Manche Projekte enden nach 15.50 Uhr. Holen Sie Ihre Kinder im Foyer ab, falls Sie keine Zusatzbetreuung gebucht haben.<\/li>\n<li>Sie erhalten in diesem Jahr zum ersten Mal das Projektwahlheft mit den gekennzeichneten Projekten Ihres Kindes zur\u00fcck. So haben Sie stets die M\u00f6glichkeit, die Zeiten oder andere Informationen nachzulesen.<\/li>\n<li><strong>Verh\u00e4lt sich Ihr Kind in einem Projekt kontraproduktiv, st\u00f6rt oder <\/strong><strong>begegnet den Projektleiter\/innen nicht mit Respekt, behalten wir uns angemessene Ma\u00dfnahmen vor.<em><\/div>\n<div class=\"su-tabs-pane su-u-clearfix su-u-trim\" data-title=\"Wetter und Kleidung:\"><\/em><\/strong><\/li>\n<\/ul>\n<ul>\n<li>Besonders in der Ganztagsschule beschr\u00e4nkt sich der Aufenthalt der Kinder nicht nur auf das Schulgeb\u00e4ude. Viele Projekte finden zumindest teilweise auch drau\u00dfen statt und das bei jedem Wetter.<\/li>\n<\/ul>\n<ul>\n<li>Bitte geben Sie Ihrem Kind <strong>ausreichend Regen- bzw. Wetterschutz mit, <\/strong><strong>der auch in der Schule verbleiben kann (unbedingt mit Namen versehen!!!) <\/strong><\/li>\n<\/ul>\n<ul>\n<li>Schuhe und Kleider k\u00f6nnen mit Schmutz, Farbe oder \u00e4hnlichem behaftet werden. Dies l\u00e4sst sich nicht immer vermeiden. Eine angemessene Kleidung ist daher zu empfehlen.<\/li>\n<\/ul>\n<\/div>\n<div class=\"su-tabs-pane su-u-clearfix su-u-trim\" data-title=\"Hausaufgaben:\"><strong><em><br \/>\n<\/em><\/strong><\/p>\n<ul>\n<li>Hausaufgaben sind an der Thadd\u00e4us-Rinderle-Schule \u00fcblich und wichtig.<\/li>\n<li>Nicht immer werden die Ganztagssch\u00fcler\/innen damit auch in der Lernzeit fertig.<\/li>\n<\/ul>\n<ul>\n<li><strong>Unfertige Hausaufgaben m\u00fcssen NICHT zu Hause nachgearbeitet <\/strong><strong>werden. <\/strong><\/li>\n<\/ul>\n<ul>\n<li>Wird Ihr Kind h\u00e4ufiger nicht mit den Hausaufgaben fertig, kontaktieren Sie bitte den Klassenlehrer oder die Klassenlehrerin. Gemeinsam k\u00f6nnen wir dann herausfinden, woran dies liegt und Abhilfe schaffen.<\/li>\n<\/ul>\n<ul>\n<li><strong>Die Hausaufgaben werden von den Betreuungspersonen auf <\/strong><strong>Vollst\u00e4ndigkeit, aber NICHT auf Richtigkeit gepr\u00fcft.<\/strong><\/li>\n<\/ul>\n<ul>\n<li>Sie d\u00fcrfen zu Hause gerne einen Blick auf die Arbeit Ihrer Kinder werfen. Eine gemeinsame Korrektur folgt allerdings in der Regel im Unterricht. Daf\u00fcr sind die vorhandenen Fehler wichtig, um den Lernstand bzw. auftretende Schwierigkeiten einsch\u00e4tzen zu k\u00f6nnen.<\/li>\n<\/ul>\n<ul>\n<li>Es gibt aber auch Aufgaben wie beispielsweise das \u00dcben von Einmaleins-Reihen, die Arbeit mit dem Lesekalender oder (besonders in Klasse 3 und 4) eine Vorbereitung auf Arbeiten oder Projekte, die auch zu Hause erledigt werden m\u00fcssen.<\/li>\n<\/ul>\n<\/div>\n<div class=\"su-tabs-pane su-u-clearfix su-u-trim\" data-title=\"Das Wichtigste noch einmal im \u00dcberblick:\"><strong><em><br \/>\n<\/em><\/strong><\/p>\n<p><img loading=\"lazy\" decoding=\"async\" class=\"alignleft size-full wp-image-2037\" src=\"http:\/\/www.ghs-staufen.de\/wp-content\/uploads\/2015\/11\/\u00dcberblick.jpg\" alt=\"ueberblick\" width=\"617\" height=\"250\" \/><\/p>\n<\/div><\/div><\/div>\n","protected":false},"excerpt":{"rendered":"<p>Wir begr\u00fc\u00dfen Sie und Ihre Kinder herzlich im neuen Schuljahr! Um die Organisation unserer Ganztagsschule f\u00fcr Sie zu verbessern, m\u00f6chten &hellip; <\/p>\n","protected":false},"author":1,"featured_media":0,"parent":347,"menu_order":0,"comment_status":"closed","ping_status":"closed","template":"","meta":{"ngg_post_thumbnail":0,"footnotes":""},"class_list":["post-1776","page","type-page","status-publish","hentry"],"_links":{"self":[{"href":"https:\/\/www.trs-staufen.de\/index.php?rest_route=\/wp\/v2\/pages\/1776","targetHints":{"allow":["GET"]}}],"collection":[{"href":"https:\/\/www.trs-staufen.de\/index.php?rest_route=\/wp\/v2\/pages"}],"about":[{"href":"https:\/\/www.trs-staufen.de\/index.php?rest_route=\/wp\/v2\/types\/page"}],"author":[{"embeddable":true,"href":"https:\/\/www.trs-staufen.de\/index.php?rest_route=\/wp\/v2\/users\/1"}],"replies":[{"embeddable":true,"href":"https:\/\/www.trs-staufen.de\/index.php?rest_route=%2Fwp%2Fv2%2Fcomments&post=1776"}],"version-history":[{"count":0,"href":"https:\/\/www.trs-staufen.de\/index.php?rest_route=\/wp\/v2\/pages\/1776\/revisions"}],"up":[{"embeddable":true,"href":"https:\/\/www.trs-staufen.de\/index.php?rest_route=\/wp\/v2\/pages\/347"}],"wp:attachment":[{"href":"https:\/\/www.trs-staufen.de\/index.php?rest_route=%2Fwp%2Fv2%2Fmedia&parent=1776"}],"curies":[{"name":"wp","href":"https:\/\/api.w.org\/{rel}","templated":true}]}}